{"id":10193,"date":"2022-01-16T18:02:00","date_gmt":"2022-01-16T18:02:00","guid":{"rendered":"https:\/\/monaco-villas.fr\/a-la-croix-des-gardes\/"},"modified":"2026-04-23T12:28:52","modified_gmt":"2026-04-23T12:28:52","slug":"a-la-croix-des-gardes","status":"publish","type":"page","link":"https:\/\/monaco-villas.fr\/fr\/a-la-croix-des-gardes\/","title":{"rendered":"\u00c0 La Turbie"},"content":{"rendered":"\t\t<div data-elementor-type=\"wp-page\" data-elementor-id=\"10193\" class=\"elementor elementor-10193 elementor-462\" data-elementor-post-type=\"page\">\n\t\t\t\t\t\t<section class=\"elementor-section elementor-top-section elementor-element elementor-element-7775676 elementor-section-height-min-height elementor-section-boxed elementor-section-height-default elementor-section-items-middle\" data-id=\"7775676\" data-element_type=\"section\" data-e-type=\"section\" data-settings=\"{&quot;background_background&quot;:&quot;classic&quot;}\">\n\t\t\t\t\t\t<div class=\"elementor-container elementor-column-gap-default\">\n\t\t\t\t\t<div class=\"elementor-column elementor-col-100 elementor-top-column elementor-element elementor-element-9cb90af\" data-id=\"9cb90af\" data-element_type=\"column\" data-e-type=\"column\">\n\t\t\t<div class=\"elementor-widget-wrap elementor-element-populated\">\n\t\t\t\t\t\t<div class=\"elementor-element elementor-element-bc06590 elementor-widget elementor-widget-heading\" data-id=\"bc06590\" data-element_type=\"widget\" data-e-type=\"widget\" data-widget_type=\"heading.default\">\n\t\t\t\t<div class=\"elementor-widget-container\">\n\t\t\t\t\t<h2 class=\"elementor-heading-title elementor-size-default\">locations \u00e0 La Turbie  <\/h2>\t\t\t\t<\/div>\n\t\t\t\t<\/div>\n\t\t\t\t\t<\/div>\n\t\t<\/div>\n\t\t\t\t\t<\/div>\n\t\t<\/section>\n\t\t\t\t<section class=\"elementor-section elementor-top-section elementor-element elementor-element-9da68ef elementor-section-boxed elementor-section-height-default elementor-section-height-default\" data-id=\"9da68ef\" data-element_type=\"section\" data-e-type=\"section\">\n\t\t\t\t\t\t<div class=\"elementor-container elementor-column-gap-default\">\n\t\t\t\t\t<div class=\"elementor-column elementor-col-100 elementor-top-column elementor-element elementor-element-6726422\" data-id=\"6726422\" data-element_type=\"column\" data-e-type=\"column\">\n\t\t\t<div class=\"elementor-widget-wrap elementor-element-populated\">\n\t\t\t\t\t\t<div class=\"elementor-element elementor-element-61f4c80 elementor-widget elementor-widget-heading\" data-id=\"61f4c80\" data-element_type=\"widget\" data-e-type=\"widget\" data-widget_type=\"heading.default\">\n\t\t\t\t<div class=\"elementor-widget-container\">\n\t\t\t\t\t<h1 class=\"elementor-heading-title elementor-size-default\">Location de villas \u00e0 La Turbie<\/h1>\t\t\t\t<\/div>\n\t\t\t\t<\/div>\n\t\t\t\t<div class=\"elementor-element elementor-element-f341bd7 elementor-widget elementor-widget-text-editor\" data-id=\"f341bd7\" data-element_type=\"widget\" data-e-type=\"widget\" data-widget_type=\"text-editor.default\">\n\t\t\t\t<div class=\"elementor-widget-container\">\n\t\t\t\t\t\t\t\t\t<p>Perch\u00e9e au-dessus de la M\u00e9diterran\u00e9e et de Monaco, La Turbie offre une vue imprenable sur la C\u00f4te d&rsquo;Azur. Ce charmant village est charg\u00e9 d&rsquo;histoire, avec son ancien monument romain, le Troph\u00e9e d&rsquo;Auguste, qui t\u00e9moigne de son riche pass\u00e9. Promenez-vous dans les rues \u00e9troites et pav\u00e9es, bord\u00e9es de maisons traditionnelles en pierre, et d\u00e9couvrez une atmosph\u00e8re sereine, \u00e0 mille lieues des villes c\u00f4ti\u00e8res anim\u00e9es. La Turbie est une retraite id\u00e9ale pour ceux qui recherchent un m\u00e9lange d&rsquo;histoire, de culture et de beaut\u00e9 naturelle au c\u0153ur de la C\u00f4te d&rsquo;Azur.   <\/p>\t\t\t\t\t\t\t\t<\/div>\n\t\t\t\t<\/div>\n\t\t\t\t\t<\/div>\n\t\t<\/div>\n\t\t\t\t\t<\/div>\n\t\t<\/section>\n\t\t\t\t<section class=\"elementor-section elementor-top-section elementor-element elementor-element-70decb7 elementor-section-boxed elementor-section-height-default elementor-section-height-default\" data-id=\"70decb7\" data-element_type=\"section\" data-e-type=\"section\">\n\t\t\t\t\t\t<div class=\"elementor-container elementor-column-gap-default\">\n\t\t\t\t\t<div class=\"elementor-column elementor-col-100 elementor-top-column elementor-element elementor-element-8a6d6c1\" data-id=\"8a6d6c1\" data-element_type=\"column\" data-e-type=\"column\">\n\t\t\t<div class=\"elementor-widget-wrap elementor-element-populated\">\n\t\t\t\t\t\t<div class=\"elementor-element elementor-element-f5b93a2 elementor-widget elementor-widget-heading\" data-id=\"f5b93a2\" data-element_type=\"widget\" data-e-type=\"widget\" data-widget_type=\"heading.default\">\n\t\t\t\t<div class=\"elementor-widget-container\">\n\t\t\t\t\t<h3 class=\"elementor-heading-title elementor-size-default\">Les villas \u00e0 louer \u00e0 La Turbie<\/h3>\t\t\t\t<\/div>\n\t\t\t\t<\/div>\n\t\t\t\t<div class=\"elementor-element elementor-element-1341b27 elementor-widget elementor-widget-text-editor\" data-id=\"1341b27\" data-element_type=\"widget\" data-e-type=\"widget\" data-widget_type=\"text-editor.default\">\n\t\t\t\t<div class=\"elementor-widget-container\">\n\t\t\t\t\t\t\t\t\t<p>Parcourez notre s\u00e9lection des meilleures villas de luxe \u00e0 La Turbie :<\/p>\t\t\t\t\t\t\t\t<\/div>\n\t\t\t\t<\/div>\n\t\t\t\t<div class=\"elementor-element elementor-element-99103da elementor-posts--align-center elementor-grid-3 elementor-grid-tablet-2 elementor-grid-mobile-1 elementor-posts--thumbnail-top elementor-card-shadow-yes elementor-posts__hover-gradient elementor-widget elementor-widget-posts\" data-id=\"99103da\" data-element_type=\"widget\" data-e-type=\"widget\" data-settings=\"{&quot;cards_masonry&quot;:&quot;yes&quot;,&quot;cards_columns&quot;:&quot;3&quot;,&quot;cards_columns_tablet&quot;:&quot;2&quot;,&quot;cards_columns_mobile&quot;:&quot;1&quot;,&quot;cards_row_gap&quot;:{&quot;unit&quot;:&quot;px&quot;,&quot;size&quot;:35,&quot;sizes&quot;:[]},&quot;cards_row_gap_tablet&quot;:{&quot;unit&quot;:&quot;px&quot;,&quot;size&quot;:&quot;&quot;,&quot;sizes&quot;:[]},&quot;cards_row_gap_mobile&quot;:{&quot;unit&quot;:&quot;px&quot;,&quot;size&quot;:&quot;&quot;,&quot;sizes&quot;:[]}}\" data-widget_type=\"posts.cards\">\n\t\t\t\t<div class=\"elementor-widget-container\">\n\t\t\t\t\t\t\t<div class=\"elementor-posts-container elementor-posts elementor-posts--skin-cards elementor-grid\">\n\t\t\t\t<article class=\"elementor-post elementor-grid-item post-18229 villas type-villas status-publish hentry location-la-turbie location-monaco amenities-garage amenities-pool entry\">\n\t\t\t<div class=\"elementor-post__card\">\n\t\t\t\t<div class=\"elementor-post__text\">\n\t\t\t\t<h3 class=\"elementor-post__title\">\n\t\t\t<a href=\"https:\/\/monaco-villas.fr\/fr\/rentals\/le-point-de-vue\/\" >\n\t\t\t\tLe point de vue\t\t\t<\/a>\n\t\t<\/h3>\n\t\t\t\t<div class=\"elementor-post__excerpt\">\n\t\t\t<p>400m\u00b2 &#8211; 6 Chambres &#8211; \u20ac15,000<\/p>\n\t\t<\/div>\n\t\t\t\t<\/div>\n\t\t\t\t\t<\/div>\n\t\t<\/article>\n\t\t\t\t<\/div>\n\t\t\n\t\t\t\t\t\t<\/div>\n\t\t\t\t<\/div>\n\t\t\t\t\t<\/div>\n\t\t<\/div>\n\t\t\t\t\t<\/div>\n\t\t<\/section>\n\t\t\t\t<\/div>\n\t\t","protected":false},"excerpt":{"rendered":"<p>locations \u00e0 La Turbie Location de villas \u00e0 La Turbie Perch\u00e9e au-dessus de la M\u00e9diterran\u00e9e et de Monaco, La Turbie offre une vue imprenable sur la C\u00f4te d&rsquo;Azur. Ce charmant village est charg\u00e9 d&rsquo;histoire, avec son ancien monument romain, le Troph\u00e9e d&rsquo;Auguste, qui t\u00e9moigne de son riche pass\u00e9. Promenez-vous dans les rues \u00e9troites et pav\u00e9es,&hellip; <a class=\"more-link\" href=\"https:\/\/monaco-villas.fr\/fr\/rentals\/le-point-de-vue\/\">Poursuivre la lecture <span class=\"screen-reader-text\">Le point de vue<\/span><\/a><\/p>\n","protected":false},"author":2,"featured_media":4135,"parent":0,"menu_order":0,"comment_status":"closed","ping_status":"closed","template":"elementor_header_footer","meta":{"_acf_changed":false,"footnotes":""},"class_list":["post-10193","page","type-page","status-publish","has-post-thumbnail","hentry","entry"],"acf":[],"yoast_head":"<!-- This site is optimized with the Yoast SEO plugin v24.5 - https:\/\/yoast.com\/wordpress\/plugins\/seo\/ -->\n<title>Location de villas \u00e0 La Turbie - Villas de luxe \u00e0 Monaco- Monaco Villas.<\/title>\n<meta name=\"description\" content=\"D\u00e9couvrez votre prochaine location de villa \u00e0 La Turbie pour les vacances d&#039;\u00e9t\u00e9 et louez une villa de luxe \u00e0 La Turbie avec vos amis et votre famille.\" \/>\n<meta name=\"robots\" content=\"index, follow, max-snippet:-1, max-image-preview:large, max-video-preview:-1\" \/>\n<link rel=\"canonical\" href=\"https:\/\/monaco-villas.fr\/fr\/a-la-croix-des-gardes\/\" \/>\n<meta property=\"og:locale\" content=\"fr_FR\" \/>\n<meta property=\"og:type\" content=\"article\" \/>\n<meta property=\"og:title\" content=\"Location de villas \u00e0 La Turbie - Villas de luxe \u00e0 Monaco- Monaco Villas.\" \/>\n<meta property=\"og:description\" content=\"D\u00e9couvrez votre prochaine location de villa \u00e0 La Turbie pour les vacances d&#039;\u00e9t\u00e9 et louez une villa de luxe \u00e0 La Turbie avec vos amis et votre famille.\" \/>\n<meta property=\"og:url\" content=\"https:\/\/monaco-villas.fr\/fr\/a-la-croix-des-gardes\/\" \/>\n<meta property=\"og:site_name\" content=\"Monaco Villas\" \/>\n<meta property=\"article:modified_time\" content=\"2026-04-23T12:28:52+00:00\" \/>\n<meta property=\"og:image\" content=\"https:\/\/monaco-villas.fr\/wp-content\/uploads\/2022\/01\/Croix-des-Gardes.jpg\" \/>\n\t<meta property=\"og:image:width\" content=\"1920\" \/>\n\t<meta property=\"og:image:height\" content=\"1280\" \/>\n\t<meta property=\"og:image:type\" content=\"image\/jpeg\" \/>\n<meta name=\"twitter:card\" content=\"summary_large_image\" \/>\n<meta name=\"twitter:label1\" content=\"Dur\u00e9e de lecture estim\u00e9e\" \/>\n\t<meta name=\"twitter:data1\" content=\"1 minute\" \/>\n<script type=\"application\/ld+json\" class=\"yoast-schema-graph\">{\"@context\":\"https:\/\/schema.org\",\"@graph\":[{\"@type\":\"WebPage\",\"@id\":\"https:\/\/monaco-villas.fr\/fr\/a-la-croix-des-gardes\/\",\"url\":\"https:\/\/monaco-villas.fr\/fr\/a-la-croix-des-gardes\/\",\"name\":\"Location de villas \u00e0 La Turbie - Villas de luxe \u00e0 Monaco- Monaco Villas.\",\"isPartOf\":{\"@id\":\"https:\/\/monaco-villas.fr\/fr\/#website\"},\"primaryImageOfPage\":{\"@id\":\"https:\/\/monaco-villas.fr\/fr\/a-la-croix-des-gardes\/#primaryimage\"},\"image\":{\"@id\":\"https:\/\/monaco-villas.fr\/fr\/a-la-croix-des-gardes\/#primaryimage\"},\"thumbnailUrl\":\"https:\/\/monaco-villas.fr\/wp-content\/uploads\/2022\/01\/Croix-des-Gardes.jpg\",\"datePublished\":\"2022-01-16T18:02:00+00:00\",\"dateModified\":\"2026-04-23T12:28:52+00:00\",\"description\":\"D\u00e9couvrez votre prochaine location de villa \u00e0 La Turbie pour les vacances d'\u00e9t\u00e9 et louez une villa de luxe \u00e0 La Turbie avec vos amis et votre famille.\",\"breadcrumb\":{\"@id\":\"https:\/\/monaco-villas.fr\/fr\/a-la-croix-des-gardes\/#breadcrumb\"},\"inLanguage\":\"fr-FR\",\"potentialAction\":[{\"@type\":\"ReadAction\",\"target\":[\"https:\/\/monaco-villas.fr\/fr\/a-la-croix-des-gardes\/\"]}]},{\"@type\":\"ImageObject\",\"inLanguage\":\"fr-FR\",\"@id\":\"https:\/\/monaco-villas.fr\/fr\/a-la-croix-des-gardes\/#primaryimage\",\"url\":\"https:\/\/monaco-villas.fr\/wp-content\/uploads\/2022\/01\/Croix-des-Gardes.jpg\",\"contentUrl\":\"https:\/\/monaco-villas.fr\/wp-content\/uploads\/2022\/01\/Croix-des-Gardes.jpg\",\"width\":1920,\"height\":1280},{\"@type\":\"BreadcrumbList\",\"@id\":\"https:\/\/monaco-villas.fr\/fr\/a-la-croix-des-gardes\/#breadcrumb\",\"itemListElement\":[{\"@type\":\"ListItem\",\"position\":1,\"name\":\"Home\",\"item\":\"https:\/\/monaco-villas.fr\/fr\/\"},{\"@type\":\"ListItem\",\"position\":2,\"name\":\"\u00c0 La Turbie\"}]},{\"@type\":\"WebSite\",\"@id\":\"https:\/\/monaco-villas.fr\/fr\/#website\",\"url\":\"https:\/\/monaco-villas.fr\/fr\/\",\"name\":\"Cannes Villas\",\"description\":\"Monaco Villas Rental\",\"publisher\":{\"@id\":\"https:\/\/monaco-villas.fr\/fr\/#organization\"},\"potentialAction\":[{\"@type\":\"SearchAction\",\"target\":{\"@type\":\"EntryPoint\",\"urlTemplate\":\"https:\/\/monaco-villas.fr\/fr\/?s={search_term_string}\"},\"query-input\":{\"@type\":\"PropertyValueSpecification\",\"valueRequired\":true,\"valueName\":\"search_term_string\"}}],\"inLanguage\":\"fr-FR\"},{\"@type\":\"Organization\",\"@id\":\"https:\/\/monaco-villas.fr\/fr\/#organization\",\"name\":\"Cannes Villas\",\"url\":\"https:\/\/monaco-villas.fr\/fr\/\",\"logo\":{\"@type\":\"ImageObject\",\"inLanguage\":\"fr-FR\",\"@id\":\"https:\/\/monaco-villas.fr\/fr\/#\/schema\/logo\/image\/\",\"url\":\"https:\/\/monaco-villas.fr\/wp-content\/uploads\/2022\/01\/Cannes-Villa-Logo.jpg\",\"contentUrl\":\"https:\/\/monaco-villas.fr\/wp-content\/uploads\/2022\/01\/Cannes-Villa-Logo.jpg\",\"width\":1704,\"height\":1704,\"caption\":\"Cannes Villas\"},\"image\":{\"@id\":\"https:\/\/monaco-villas.fr\/fr\/#\/schema\/logo\/image\/\"}}]}<\/script>\n<!-- \/ Yoast SEO plugin. -->","yoast_head_json":{"title":"Location de villas \u00e0 La Turbie - Villas de luxe \u00e0 Monaco- Monaco Villas.","description":"D\u00e9couvrez votre prochaine location de villa \u00e0 La Turbie pour les vacances d'\u00e9t\u00e9 et louez une villa de luxe \u00e0 La Turbie avec vos amis et votre famille.","robots":{"index":"index","follow":"follow","max-snippet":"max-snippet:-1","max-image-preview":"max-image-preview:large","max-video-preview":"max-video-preview:-1"},"canonical":"https:\/\/monaco-villas.fr\/fr\/a-la-croix-des-gardes\/","og_locale":"fr_FR","og_type":"article","og_title":"Location de villas \u00e0 La Turbie - Villas de luxe \u00e0 Monaco- Monaco Villas.","og_description":"D\u00e9couvrez votre prochaine location de villa \u00e0 La Turbie pour les vacances d'\u00e9t\u00e9 et louez une villa de luxe \u00e0 La Turbie avec vos amis et votre famille.","og_url":"https:\/\/monaco-villas.fr\/fr\/a-la-croix-des-gardes\/","og_site_name":"Monaco Villas","article_modified_time":"2026-04-23T12:28:52+00:00","og_image":[{"width":1920,"height":1280,"url":"https:\/\/monaco-villas.fr\/wp-content\/uploads\/2022\/01\/Croix-des-Gardes.jpg","type":"image\/jpeg"}],"twitter_card":"summary_large_image","twitter_misc":{"Dur\u00e9e de lecture estim\u00e9e":"1 minute"},"schema":{"@context":"https:\/\/schema.org","@graph":[{"@type":"WebPage","@id":"https:\/\/monaco-villas.fr\/fr\/a-la-croix-des-gardes\/","url":"https:\/\/monaco-villas.fr\/fr\/a-la-croix-des-gardes\/","name":"Location de villas \u00e0 La Turbie - Villas de luxe \u00e0 Monaco- Monaco Villas.","isPartOf":{"@id":"https:\/\/monaco-villas.fr\/fr\/#website"},"primaryImageOfPage":{"@id":"https:\/\/monaco-villas.fr\/fr\/a-la-croix-des-gardes\/#primaryimage"},"image":{"@id":"https:\/\/monaco-villas.fr\/fr\/a-la-croix-des-gardes\/#primaryimage"},"thumbnailUrl":"https:\/\/monaco-villas.fr\/wp-content\/uploads\/2022\/01\/Croix-des-Gardes.jpg","datePublished":"2022-01-16T18:02:00+00:00","dateModified":"2026-04-23T12:28:52+00:00","description":"D\u00e9couvrez votre prochaine location de villa \u00e0 La Turbie pour les vacances d'\u00e9t\u00e9 et louez une villa de luxe \u00e0 La Turbie avec vos amis et votre famille.","breadcrumb":{"@id":"https:\/\/monaco-villas.fr\/fr\/a-la-croix-des-gardes\/#breadcrumb"},"inLanguage":"fr-FR","potentialAction":[{"@type":"ReadAction","target":["https:\/\/monaco-villas.fr\/fr\/a-la-croix-des-gardes\/"]}]},{"@type":"ImageObject","inLanguage":"fr-FR","@id":"https:\/\/monaco-villas.fr\/fr\/a-la-croix-des-gardes\/#primaryimage","url":"https:\/\/monaco-villas.fr\/wp-content\/uploads\/2022\/01\/Croix-des-Gardes.jpg","contentUrl":"https:\/\/monaco-villas.fr\/wp-content\/uploads\/2022\/01\/Croix-des-Gardes.jpg","width":1920,"height":1280},{"@type":"BreadcrumbList","@id":"https:\/\/monaco-villas.fr\/fr\/a-la-croix-des-gardes\/#breadcrumb","itemListElement":[{"@type":"ListItem","position":1,"name":"Home","item":"https:\/\/monaco-villas.fr\/fr\/"},{"@type":"ListItem","position":2,"name":"\u00c0 La Turbie"}]},{"@type":"WebSite","@id":"https:\/\/monaco-villas.fr\/fr\/#website","url":"https:\/\/monaco-villas.fr\/fr\/","name":"Cannes Villas","description":"Monaco Villas Rental","publisher":{"@id":"https:\/\/monaco-villas.fr\/fr\/#organization"},"potentialAction":[{"@type":"SearchAction","target":{"@type":"EntryPoint","urlTemplate":"https:\/\/monaco-villas.fr\/fr\/?s={search_term_string}"},"query-input":{"@type":"PropertyValueSpecification","valueRequired":true,"valueName":"search_term_string"}}],"inLanguage":"fr-FR"},{"@type":"Organization","@id":"https:\/\/monaco-villas.fr\/fr\/#organization","name":"Cannes Villas","url":"https:\/\/monaco-villas.fr\/fr\/","logo":{"@type":"ImageObject","inLanguage":"fr-FR","@id":"https:\/\/monaco-villas.fr\/fr\/#\/schema\/logo\/image\/","url":"https:\/\/monaco-villas.fr\/wp-content\/uploads\/2022\/01\/Cannes-Villa-Logo.jpg","contentUrl":"https:\/\/monaco-villas.fr\/wp-content\/uploads\/2022\/01\/Cannes-Villa-Logo.jpg","width":1704,"height":1704,"caption":"Cannes Villas"},"image":{"@id":"https:\/\/monaco-villas.fr\/fr\/#\/schema\/logo\/image\/"}}]}},"distributor_meta":false,"distributor_terms":false,"distributor_media":false,"distributor_original_site_name":"Monaco Villas","distributor_original_site_url":"https:\/\/monaco-villas.fr\/fr\/","push-errors":false,"_links":{"self":[{"href":"https:\/\/monaco-villas.fr\/fr\/wp-json\/wp\/v2\/pages\/10193"}],"collection":[{"href":"https:\/\/monaco-villas.fr\/fr\/wp-json\/wp\/v2\/pages"}],"about":[{"href":"https:\/\/monaco-villas.fr\/fr\/wp-json\/wp\/v2\/types\/page"}],"author":[{"embeddable":true,"href":"https:\/\/monaco-villas.fr\/fr\/wp-json\/wp\/v2\/users\/2"}],"replies":[{"embeddable":true,"href":"https:\/\/monaco-villas.fr\/fr\/wp-json\/wp\/v2\/comments?post=10193"}],"version-history":[{"count":2,"href":"https:\/\/monaco-villas.fr\/fr\/wp-json\/wp\/v2\/pages\/10193\/revisions"}],"predecessor-version":[{"id":18276,"href":"https:\/\/monaco-villas.fr\/fr\/wp-json\/wp\/v2\/pages\/10193\/revisions\/18276"}],"wp:featuredmedia":[{"embeddable":true,"href":"https:\/\/monaco-villas.fr\/fr\/wp-json\/wp\/v2\/media\/4135"}],"wp:attachment":[{"href":"https:\/\/monaco-villas.fr\/fr\/wp-json\/wp\/v2\/media?parent=10193"}],"curies":[{"name":"wp","href":"https:\/\/api.w.org\/{rel}","templated":true}]}}